{"id":169,"date":"2023-09-07T13:18:13","date_gmt":"2023-09-07T11:18:13","guid":{"rendered":"https:\/\/maralboran.eu\/autoproteccion\/?page_id=169"},"modified":"2023-10-16T00:24:03","modified_gmt":"2023-10-15T22:24:03","slug":"familia-profesional-administrativo","status":"publish","type":"page","link":"https:\/\/maralboran.eu\/autoproteccion\/familia-profesional-administrativo\/","title":{"rendered":"Familia Profesional Administraci\u00f3n y Gesti\u00f3n"},"content":{"rendered":"\n<figure class=\"wp-block-table\"><table><tbody><tr><td class=\"has-text-align-left\" data-align=\"left\">Manual B\u00e1sico PRL Administraci\u00f3n y Gesti\u00f3n INSHT (PDF)<\/td><td><a href=\"https:\/\/drive.google.com\/file\/d\/1YTVLml4jPgfYew43ZJ_STGAfl9D6xaeL\/view?usp=sharing\" target=\"_blank\" rel=\"noreferrer noopener\">Descargar<\/a><\/td><\/tr><tr><td class=\"has-text-align-left\" data-align=\"left\">Cartel Manual B\u00e1sico PRL Administraci\u00f3n y Gesti\u00f3n INSHT (PDF)<\/td><td><a href=\"https:\/\/drive.google.com\/file\/d\/1SBNsIEANJoYcHvi2Jk8FO2yoyA-g-7uj\/view?usp=sharing\" target=\"_blank\" rel=\"noreferrer noopener\">Descargar<\/a><\/td><\/tr><tr><td class=\"has-text-align-left\" data-align=\"left\"><\/td><td>Descargar<\/td><\/tr><\/tbody><\/table><\/figure>\n\n\n\n<h4 class=\"wp-block-heading\">Videos<\/h4>\n\n\n\n<section id=\"gmf3b4b30\" class=\"wp-block-gutentor-m4 section-gmf3b4b30 gutentor-module gutentor-advanced-columns\"><div class=\"grid-container\"><div class=\"grid-row\">\n<div id=\"col-gm3ec518\" class=\"wp-block-gutentor-m4-col col-gm3ec518 gutentor-single-column  grid-lg-6 grid-md-12 grid-12\"><div id=\"section-gm3ec518\" class=\"section-gm3ec518 gutentor-col-wrap\">\n<figure class=\"wp-block-embed is-type-video is-provider-youtube wp-block-embed-youtube wp-embed-aspect-16-9 wp-has-aspect-ratio\"><div class=\"wp-block-embed__wrapper\">\n<div class=\"video-container\"><iframe loading=\"lazy\" width=\"500\" height=\"281\" src=\"https:\/\/www.youtube.com\/embed\/DSN83JY2i_Y?feature=oembed&amp;wmode=opaque\" frameborder=\"0\" allow=\"accelerometer; autoplay; clipboard-write; encrypted-media; gyroscope; picture-in-picture; web-share\" referrerpolicy=\"strict-origin-when-cross-origin\" allowfullscreen><\/iframe><\/div>\n<\/div><figcaption class=\"wp-element-caption\">Principales Riesgos Laborales de la Familia Profesional Administraci\u00f3n y Gesti\u00f3n<\/figcaption><\/figure>\n<\/div><\/div>\n\n\n\n<div id=\"col-gmc9ec77\" class=\"wp-block-gutentor-m4-col col-gmc9ec77 gutentor-single-column  grid-lg-6 grid-md-12 grid-12\"><div id=\"section-gmc9ec77\" class=\"section-gmc9ec77 gutentor-col-wrap\">\n<figure class=\"wp-block-embed is-type-video is-provider-youtube wp-block-embed-youtube wp-embed-aspect-16-9 wp-has-aspect-ratio\"><div class=\"wp-block-embed__wrapper\">\n<div class=\"video-container\"><iframe loading=\"lazy\" width=\"500\" height=\"281\" src=\"https:\/\/www.youtube.com\/embed\/7Ss0SjolSNQ?feature=oembed&amp;wmode=opaque\" frameborder=\"0\" allow=\"accelerometer; autoplay; clipboard-write; encrypted-media; gyroscope; picture-in-picture; web-share\" referrerpolicy=\"strict-origin-when-cross-origin\" allowfullscreen><\/iframe><\/div>\n<\/div><figcaption class=\"wp-element-caption\">Desconexi\u00f3n digital fuera del horario laboral<\/figcaption><\/figure>\n<\/div><\/div>\n<\/div><\/div><\/section>\n\n\n\n<p><\/p>\n\n\n\n<section id=\"gm694e0b8\" class=\"wp-block-gutentor-m4 section-gm694e0b8 gutentor-module gutentor-advanced-columns\"><div class=\"grid-container\"><div class=\"grid-row\">\n<div id=\"col-gm49cdcb\" class=\"wp-block-gutentor-m4-col col-gm49cdcb gutentor-single-column  grid-lg-6 grid-md-12 grid-12\"><div id=\"section-gm49cdcb\" class=\"section-gm49cdcb gutentor-col-wrap\">\n<figure class=\"wp-block-embed is-type-video is-provider-youtube wp-block-embed-youtube wp-embed-aspect-4-3 wp-has-aspect-ratio\"><div class=\"wp-block-embed__wrapper\">\n<div class=\"video-container\"><iframe loading=\"lazy\" width=\"500\" height=\"375\" src=\"https:\/\/www.youtube.com\/embed\/iD6ic-QBRtQ?feature=oembed&amp;wmode=opaque\" frameborder=\"0\" allow=\"accelerometer; autoplay; clipboard-write; encrypted-media; gyroscope; picture-in-picture; web-share\" referrerpolicy=\"strict-origin-when-cross-origin\" allowfullscreen><\/iframe><\/div>\n<\/div><figcaption class=\"wp-element-caption\">PVD &#8211; Introduccion. INSST<\/figcaption><\/figure>\n<\/div><\/div>\n\n\n\n<div id=\"col-gmf27bd5\" class=\"wp-block-gutentor-m4-col col-gmf27bd5 gutentor-single-column  grid-lg-6 grid-md-12 grid-12\"><div id=\"section-gmf27bd5\" class=\"section-gmf27bd5 gutentor-col-wrap\">\n<figure class=\"wp-block-embed is-type-video is-provider-youtube wp-block-embed-youtube wp-embed-aspect-16-9 wp-has-aspect-ratio\"><div class=\"wp-block-embed__wrapper\">\n<div class=\"video-container\"><iframe loading=\"lazy\" width=\"500\" height=\"281\" src=\"https:\/\/www.youtube.com\/embed\/LfJa6YNnPuo?feature=oembed&amp;wmode=opaque\" frameborder=\"0\" allow=\"accelerometer; autoplay; clipboard-write; encrypted-media; gyroscope; picture-in-picture; web-share\" referrerpolicy=\"strict-origin-when-cross-origin\" allowfullscreen><\/iframe><\/div>\n<\/div><figcaption class=\"wp-element-caption\">Riesgos laborales en oficinas. INSST<\/figcaption><\/figure>\n<\/div><\/div>\n<\/div><\/div><\/section>\n\n\n\n<p><\/p>\n\n\n\n<section id=\"gm45b0057\" class=\"wp-block-gutentor-m4 section-gm45b0057 gutentor-module gutentor-advanced-columns\"><div class=\"grid-container\"><div class=\"grid-row\">\n<div id=\"col-gm64b902\" class=\"wp-block-gutentor-m4-col col-gm64b902 gutentor-single-column  grid-lg-6 grid-md-12 grid-12\"><div id=\"section-gm64b902\" class=\"section-gm64b902 gutentor-col-wrap\">\n<figure class=\"wp-block-embed is-type-video is-provider-youtube wp-block-embed-youtube wp-embed-aspect-16-9 wp-has-aspect-ratio\"><div class=\"wp-block-embed__wrapper\">\n<div class=\"video-container\"><iframe loading=\"lazy\" width=\"500\" height=\"281\" src=\"https:\/\/www.youtube.com\/embed\/1muFUSyLF4A?feature=oembed&amp;wmode=opaque\" frameborder=\"0\" allow=\"accelerometer; autoplay; clipboard-write; encrypted-media; gyroscope; picture-in-picture; web-share\" referrerpolicy=\"strict-origin-when-cross-origin\" allowfullscreen><\/iframe><\/div>\n<\/div><figcaption class=\"wp-element-caption\">Sedentarismo &#8211; En la oficina \u00a1MUEVETE! (INSST)<\/figcaption><\/figure>\n<\/div><\/div>\n\n\n\n<div id=\"col-gmaac3f7\" class=\"wp-block-gutentor-m4-col col-gmaac3f7 gutentor-single-column  grid-lg-6 grid-md-12 grid-12\"><div id=\"section-gmaac3f7\" class=\"section-gmaac3f7 gutentor-col-wrap\">\n<figure class=\"wp-block-embed is-type-video is-provider-youtube wp-block-embed-youtube wp-embed-aspect-16-9 wp-has-aspect-ratio\"><div class=\"wp-block-embed__wrapper\">\n<div class=\"video-container\"><iframe loading=\"lazy\" width=\"500\" height=\"281\" src=\"https:\/\/www.youtube.com\/embed\/HNEsweI-sCI?feature=oembed&amp;wmode=opaque\" frameborder=\"0\" allow=\"accelerometer; autoplay; clipboard-write; encrypted-media; gyroscope; picture-in-picture; web-share\" referrerpolicy=\"strict-origin-when-cross-origin\" allowfullscreen><\/iframe><\/div>\n<\/div><figcaption class=\"wp-element-caption\">Posturas de trabajo inadecuadas (INSST)<\/figcaption><\/figure>\n<\/div><\/div>\n<\/div><\/div><\/section>\n\n\n\n<p><\/p>\n\n\n\n<section id=\"gmae0ba3a\" class=\"wp-block-gutentor-m4 section-gmae0ba3a gutentor-module gutentor-advanced-columns\"><div class=\"grid-container\"><div class=\"grid-row\">\n<div id=\"col-gmdbc7cb\" class=\"wp-block-gutentor-m4-col col-gmdbc7cb gutentor-single-column  grid-lg-6 grid-md-12 grid-12\"><div id=\"section-gmdbc7cb\" class=\"section-gmdbc7cb gutentor-col-wrap\">\n<figure class=\"wp-block-embed is-type-video is-provider-youtube wp-block-embed-youtube wp-embed-aspect-16-9 wp-has-aspect-ratio\"><div class=\"wp-block-embed__wrapper\">\n<div class=\"video-container\"><iframe loading=\"lazy\" width=\"500\" height=\"281\" src=\"https:\/\/www.youtube.com\/embed\/IikBZEcQE-k?feature=oembed&amp;wmode=opaque\" frameborder=\"0\" allow=\"accelerometer; autoplay; clipboard-write; encrypted-media; gyroscope; picture-in-picture; web-share\" referrerpolicy=\"strict-origin-when-cross-origin\" allowfullscreen><\/iframe><\/div>\n<\/div><figcaption class=\"wp-element-caption\">Higiene del sue\u00f1o (INSST)<\/figcaption><\/figure>\n<\/div><\/div>\n\n\n\n<div id=\"col-gm89cd2a\" class=\"wp-block-gutentor-m4-col col-gm89cd2a gutentor-single-column  grid-lg-6 grid-md-12 grid-12\"><div id=\"section-gm89cd2a\" class=\"section-gm89cd2a gutentor-col-wrap\"><\/div><\/div>\n<\/div><\/div><\/section>\n","protected":false},"excerpt":{"rendered":"<p>Manual B\u00e1sico PRL Administraci\u00f3n y Gesti\u00f3n INSHT (PDF) Descargar Cartel Manual B\u00e1sico PRL Administraci\u00f3n y Gesti\u00f3n INSHT (PDF) Descargar Descargar Videos<\/p>\n","protected":false},"author":21,"featured_media":0,"parent":0,"menu_order":0,"comment_status":"closed","ping_status":"closed","template":"","meta":{"_price":"","_stock":"","_tribe_ticket_header":"","_tribe_default_ticket_provider":"","_tribe_ticket_capacity":"0","_ticket_start_date":"","_ticket_end_date":"","_tribe_ticket_show_description":"","_tribe_ticket_show_not_going":false,"_tribe_ticket_use_global_stock":"","_tribe_ticket_global_stock_level":"","_global_stock_mode":"","_global_stock_cap":"","_tribe_rsvp_for_event":"","_tribe_ticket_going_count":"","_tribe_ticket_not_going_count":"","_tribe_tickets_list":"[]","_tribe_ticket_has_attendee_info_fields":false,"_kadence_starter_templates_imported_post":false,"footnotes":"","_tec_slr_enabled":"","_tec_slr_layout":""},"class_list":["post-169","page","type-page","status-publish","hentry"],"featured_image_src":null,"featured_image_src_square":null,"ticketed":false,"_links":{"self":[{"href":"https:\/\/maralboran.eu\/autoproteccion\/wp-json\/wp\/v2\/pages\/169","targetHints":{"allow":["GET"]}}],"collection":[{"href":"https:\/\/maralboran.eu\/autoproteccion\/wp-json\/wp\/v2\/pages"}],"about":[{"href":"https:\/\/maralboran.eu\/autoproteccion\/wp-json\/wp\/v2\/types\/page"}],"author":[{"embeddable":true,"href":"https:\/\/maralboran.eu\/autoproteccion\/wp-json\/wp\/v2\/users\/21"}],"replies":[{"embeddable":true,"href":"https:\/\/maralboran.eu\/autoproteccion\/wp-json\/wp\/v2\/comments?post=169"}],"version-history":[{"count":18,"href":"https:\/\/maralboran.eu\/autoproteccion\/wp-json\/wp\/v2\/pages\/169\/revisions"}],"predecessor-version":[{"id":738,"href":"https:\/\/maralboran.eu\/autoproteccion\/wp-json\/wp\/v2\/pages\/169\/revisions\/738"}],"wp:attachment":[{"href":"https:\/\/maralboran.eu\/autoproteccion\/wp-json\/wp\/v2\/media?parent=169"}],"curies":[{"name":"wp","href":"https:\/\/api.w.org\/{rel}","templated":true}]}}