{"id":105,"date":"2019-10-07T19:39:29","date_gmt":"2019-10-07T17:39:29","guid":{"rendered":"https:\/\/maralboran.eu\/autopreteccion\/?page_id=105"},"modified":"2019-10-07T20:32:34","modified_gmt":"2019-10-07T18:32:34","slug":"asma-informacion-basica","status":"publish","type":"page","link":"https:\/\/maralboran.eu\/autoproteccion\/asma-informacion-basica\/","title":{"rendered":"Asma. Informaci\u00f3n b\u00e1sica"},"content":{"rendered":"\n<p>El asma bronquial es una enfermedad inflamatoria cr\u00f3nica del aparato respiratorio que se manifiesta fundamentalmente en forma de crisis que provoca dificultad en la respiraci\u00f3n. Es una afecci\u00f3n respiratoria frecuente en la edad infantil, fundamentalmente de origen al\u00e9rgico.&nbsp; Es com\u00fan en personas j\u00f3venes con una historia cl\u00ednica de catarros continuados, o de antecedentes familiares asm\u00e1ticos. Las crisis de asma se relacionan con el consumo de ciertos alimentos o la presencia de determinados agentes al\u00e9rgenos.<\/p>\n\n\n\n<p>Las causas que provocan el asma bronquial y motivan la respuesta de los mecanismos principalmente inmunol\u00f3gicos se clasifican en:<\/p>\n\n\n\n<ul class=\"wp-block-list\"><li><strong>Extr\u00ednsecas<\/strong>. Son agentes al\u00e9rgenos (polen, lana, polvo, etc.) o contaminaci\u00f3n atmosf\u00e9rica, materias irritantes, variaciones meteorol\u00f3gicas, etc.<\/li><li><strong>Intr\u00ednsecas<\/strong>. Est\u00e1n representadas por microbios, hongos, trastornos ps\u00edquicos, etc.<\/li><li><strong>Mixtas<\/strong>. Combinaci\u00f3n con frecuencia de naturaleza bacteriana (factor intr\u00ednseco) y factores extr\u00ednsecos.<\/li><\/ul>\n\n\n\n<p>Existe un tipo de asma inducido por el esfuerzo, que es importante conocer, sobre todo en la poblaci\u00f3n infantil.<\/p>\n\n\n\n<p>Los s\u00edntomas del asma pueden variar en intensidad y duraci\u00f3n. Los s\u00edntomas mas caracter\u00edsticos son la dificultad respiratoria y las sibilancias (pitidos), originadas por espasmo bronquial, que estrecha la luz de los mismos por donde pasa el aire; tos, sobre todo por la noche, que puede ser seca o con mocos; opresi\u00f3n de pecho (sensaci\u00f3n de tirantez en el pecho) y respiraciones cortas y r\u00e1pidas (taquipnea).<\/p>\n\n\n\n<p>El manejo terap\u00e9utico del asma tiene dos aspectos: el tratamiento de mantenimiento, que hay que tomar de manera continuada en funci\u00f3n de la intensidad de los s\u00edntomas y del n\u00famero de crisis y el tratamiento de rescate, para el momento de la crisis. En todos los casos, se trata de disminuir los s\u00edntomas con medicamentos broncodilatadores y antiinflamatorios, que se administran por v\u00eda inhalatoria. Algunos ni\u00f1os y ni\u00f1as precisan adem\u00e1s otros tipos de tratamientos farmacol\u00f3gicos.<\/p>\n\n\n\n<p>Entre los f\u00e1rmacos broncodilatadores, los hay de acci\u00f3n r\u00e1pida, para el tratamiento de rescate (en el momento de la crisis) y los de larga duraci\u00f3n, para el de mantenimiento.<\/p>\n\n\n\n<p>Los f\u00e1rmacos antiinflamatorios se utilizan para el tratamiento de mantenimiento en aquellos ni\u00f1os y ni\u00f1as que precisan este tipo de terapia, por s\u00edntomas frecuentes, por tanto, deben ser de administraci\u00f3n diaria y no suelen administrase durante las horas de estancia en el centro educativo. Reducen la inflamaci\u00f3n y la hinchaz\u00f3n de la cubierta interna de los bronquios mas peque\u00f1os (bronquiolos) y la producci\u00f3n de moco.<\/p>\n\n\n\n<p>Por lo tanto es muy \u00fatil, el entrenamiento para la prevenci\u00f3n de las crisis, el manejo de dispositivos de inhalaci\u00f3n y otras habilidades de control del asma.<\/p>\n\n\n\n<p><strong>PARA SABER MAS<\/strong>. Ejemplos:<\/p>\n\n\n\n<ul class=\"wp-block-list\"><li><a href=\"http:\/\/www.escueladepacientes.es\/ui\/index.aspx\">Escuela de pacientes con asma. Escuela Andaluza de Salud P\u00fablica<\/a><\/li><li><a href=\"https:\/\/medlineplus.gov\/spanish\/\">Medline Plus<\/a><\/li><li><a href=\"http:\/\/www.respirar.org\/images\/pdf\/respirar\/GuiaDonostiaEsp.pdf\" target=\"_blank\" rel=\"noreferrer noopener\">El asma en la infancia. Ayudas y consejos para ni\u00f1os, j\u00f3venes y padres:<\/a><\/li><li><a href=\"https:\/\/ginasthma.org\/wp-content\/uploads\/2016\/10\/WMS-Spanish-Pocket-Guide-GINA-2016-v1.1.pdf\" target=\"_blank\" rel=\"noreferrer noopener\">Gu\u00eda para el manejo y la prevenci\u00f3n del asma infantil.<\/a><\/li><\/ul>\n\n\n\n<ul class=\"wp-block-list\"><li>Enlaces web:<\/li><li><a href=\"http:\/\/www.serpadres.es\/1-2-anos\/salud-enfermedades\/diccionario\/diccionario-salud-nino\" target=\"_blank\" rel=\"noreferrer noopener\">Diccionario de la salud del ni\u00f1os&nbsp;<\/a><\/li><li><a href=\"http:\/\/www.respirar.org\/index.php\/respirar\/educacion\/herramientas-educativas\/guia-de-asma-para-ninos-jovenes-y-padres\" target=\"_blank\" rel=\"noreferrer noopener\">Gu\u00eda de asma para ni\u00f1os, jovenes y padres<\/a><\/li><li><a href=\"https:\/\/www.guiainfantil.com\/salud\/enfermedades\/asma.htm\" target=\"_blank\" rel=\"noreferrer noopener\">Ni\u00f1os asm\u00e1ticos<\/a><\/li><\/ul>\n","protected":false},"excerpt":{"rendered":"<p>El asma bronquial es una enfermedad inflamatoria cr\u00f3nica del aparato respiratorio que se manifiesta fundamentalmente en forma de crisis que provoca dificultad en la respiraci\u00f3n. Es una afecci\u00f3n respiratoria frecuente en la edad infantil,&#46;&#46;&#46;<\/p>\n","protected":false},"author":21,"featured_media":0,"parent":0,"menu_order":0,"comment_status":"closed","ping_status":"closed","template":"","meta":{"_price":"","_stock":"","_tribe_ticket_header":"","_tribe_default_ticket_provider":"","_tribe_ticket_capacity":"0","_ticket_start_date":"","_ticket_end_date":"","_tribe_ticket_show_description":"","_tribe_ticket_show_not_going":false,"_tribe_ticket_use_global_stock":"","_tribe_ticket_global_stock_level":"","_global_stock_mode":"","_global_stock_cap":"","_tribe_rsvp_for_event":"","_tribe_ticket_going_count":"","_tribe_ticket_not_going_count":"","_tribe_tickets_list":"[]","_tribe_ticket_has_attendee_info_fields":false,"_kadence_starter_templates_imported_post":false,"footnotes":"","_tec_slr_enabled":"","_tec_slr_layout":""},"class_list":["post-105","page","type-page","status-publish","hentry"],"featured_image_src":null,"featured_image_src_square":null,"ticketed":false,"_links":{"self":[{"href":"https:\/\/maralboran.eu\/autoproteccion\/wp-json\/wp\/v2\/pages\/105","targetHints":{"allow":["GET"]}}],"collection":[{"href":"https:\/\/maralboran.eu\/autoproteccion\/wp-json\/wp\/v2\/pages"}],"about":[{"href":"https:\/\/maralboran.eu\/autoproteccion\/wp-json\/wp\/v2\/types\/page"}],"author":[{"embeddable":true,"href":"https:\/\/maralboran.eu\/autoproteccion\/wp-json\/wp\/v2\/users\/21"}],"replies":[{"embeddable":true,"href":"https:\/\/maralboran.eu\/autoproteccion\/wp-json\/wp\/v2\/comments?post=105"}],"version-history":[{"count":2,"href":"https:\/\/maralboran.eu\/autoproteccion\/wp-json\/wp\/v2\/pages\/105\/revisions"}],"predecessor-version":[{"id":136,"href":"https:\/\/maralboran.eu\/autoproteccion\/wp-json\/wp\/v2\/pages\/105\/revisions\/136"}],"wp:attachment":[{"href":"https:\/\/maralboran.eu\/autoproteccion\/wp-json\/wp\/v2\/media?parent=105"}],"curies":[{"name":"wp","href":"https:\/\/api.w.org\/{rel}","templated":true}]}}